{"id":1372,"date":"2017-10-23T18:22:43","date_gmt":"2017-10-23T16:22:43","guid":{"rendered":"http:\/\/p4629.phpnet.org\/vaubanwordpress\/?page_id=1372"},"modified":"2017-10-23T18:22:43","modified_gmt":"2017-10-23T16:22:43","slug":"ulis","status":"publish","type":"page","link":"http:\/\/collegevauban-blaye.fr\/?page_id=1372","title":{"rendered":"ULIS"},"content":{"rendered":"<p>\t\t\t\t[vc_row type=&#8221;vc_default&#8221; css=&#8221;.vc_custom_1474222724005{padding-bottom: 50px !important;}&#8221;][vc_column css=&#8221;.vc_custom_1508832892061{padding-bottom: 30px !important;}&#8221;][vc_column_text css=&#8221;.vc_custom_1522143216708{margin-bottom: 30px !important;}&#8221;]Les \u00e9l\u00e8ves de l\u2019ULIS sont des enfants ayant des difficult\u00e9s cognitives face \u00e0 l\u2019apprentissage.<\/p>\n<p>Les \u00e9l\u00e8ves sont en 6<sup>\u00e8me<\/sup>, 5<sup>\u00e8me<\/sup>, 4<sup>\u00e8me<\/sup> et 3<sup>\u00e8me<\/sup>, regroup\u00e9s en groupe classe dont l&#8217;effectif maximum est de 14 \u00e9l\u00e8ves, et ont chacun un emploi du temps personnel. Ils sont inclus dans les autres classes et y suivent les cours comme Musique, Arts Plastiques et Sciences. Cependant les cours de Math\u00e9matiques, Fran\u00e7ais et Histoire G\u00e9ographie sont faits selon leurs difficult\u00e9s. Ayant tous des difficult\u00e9s diff\u00e9rentes, les groupes sont diff\u00e9rents \u00e0 chaque heure.<\/p>\n<p>L\u2019ULIS met en place des projets qui permettent \u00e0 tous les \u00e9l\u00e8ves de s\u2019int\u00e9grer et de rattraper les cours en cas d&#8217;absence.<\/p>\n<p>Le but des professeurs est de permettre aux \u00e9l\u00e8ves d&#8217;ULIS de suivre un emploi du temps comparable \u00e0 ceux des autres \u00e9l\u00e8ves et d&#8217;acqu\u00e9rir un maximum de comp\u00e9tences.<\/p>\n<p>Apr\u00e8s le coll\u00e8ge, les \u00e9l\u00e8ves peuvent s\u2019orienter vers la voie professionnelle\u00a0: CAP, BAC Professionnel, IM Professionnel, MFR ou vers une fili\u00e8re g\u00e9n\u00e9rale.[\/vc_column_text][\/vc_column][\/vc_row]\t\t<\/p>\n","protected":false},"excerpt":{"rendered":"<p>[vc_row type=&#8221;vc_default&#8221; css=&#8221;.vc_custom_1474222724005{padding-bottom: 50px !important;}&#8221;][vc_column css=&#8221;.vc_custom_1508832892061{padding-bottom: 30px !important;}&#8221;][vc_column_text css=&#8221;.vc_custom_1522143216708{margin-bottom: 30px !important;}&#8221;]Les \u00e9l\u00e8ves de l\u2019ULIS sont des enfants ayant des difficult\u00e9s cognitives face \u00e0 l\u2019apprentissage. Les \u00e9l\u00e8ves sont en 6\u00e8me, 5\u00e8me, 4\u00e8me et 3\u00e8me, regroup\u00e9s en groupe classe dont l&#8217;effectif maximum est de 14 \u00e9l\u00e8ves, et ont chacun un emploi du temps personnel. Ils sont inclus &hellip; <\/p>\n<p class=\"link-more\"><a href=\"http:\/\/collegevauban-blaye.fr\/?page_id=1372\" class=\"more-link\">Continuer la lecture<span class=\"screen-reader-text\"> de &laquo;&nbsp;ULIS&nbsp;&raquo;<\/span><\/a><\/p>\n","protected":false},"author":3,"featured_media":0,"parent":0,"menu_order":1,"comment_status":"closed","ping_status":"closed","template":"","meta":{"footnotes":""},"class_list":["post-1372","page","type-page","status-publish","hentry"],"_links":{"self":[{"href":"http:\/\/collegevauban-blaye.fr\/index.php?rest_route=\/wp\/v2\/pages\/1372","targetHints":{"allow":["GET"]}}],"collection":[{"href":"http:\/\/collegevauban-blaye.fr\/index.php?rest_route=\/wp\/v2\/pages"}],"about":[{"href":"http:\/\/collegevauban-blaye.fr\/index.php?rest_route=\/wp\/v2\/types\/page"}],"author":[{"embeddable":true,"href":"http:\/\/collegevauban-blaye.fr\/index.php?rest_route=\/wp\/v2\/users\/3"}],"replies":[{"embeddable":true,"href":"http:\/\/collegevauban-blaye.fr\/index.php?rest_route=%2Fwp%2Fv2%2Fcomments&post=1372"}],"version-history":[{"count":0,"href":"http:\/\/collegevauban-blaye.fr\/index.php?rest_route=\/wp\/v2\/pages\/1372\/revisions"}],"wp:attachment":[{"href":"http:\/\/collegevauban-blaye.fr\/index.php?rest_route=%2Fwp%2Fv2%2Fmedia&parent=1372"}],"curies":[{"name":"wp","href":"https:\/\/api.w.org\/{rel}","templated":true}]}}